{"id":2178,"date":"2024-11-07T19:13:29","date_gmt":"2024-11-07T18:13:29","guid":{"rendered":"https:\/\/www.gs-am-pappelsee.de\/?page_id=2178"},"modified":"2024-11-07T19:16:50","modified_gmt":"2024-11-07T18:16:50","slug":"kinderrechte-schule-3","status":"publish","type":"page","link":"https:\/\/www.gs-am-pappelsee.de\/?page_id=2178","title":{"rendered":"Kinderrechte-Schule"},"content":{"rendered":"\t\t<div data-elementor-type=\"wp-post\" data-elementor-id=\"2178\" class=\"elementor elementor-2178\">\n\t\t\t\t\t\t<section class=\"elementor-section elementor-top-section elementor-element elementor-element-1a1ee9f2 elementor-section-boxed elementor-section-height-default elementor-section-height-default\" data-id=\"1a1ee9f2\" data-element_type=\"section\" data-e-type=\"section\">\n\t\t\t\t\t\t<div class=\"elementor-container elementor-column-gap-default\">\n\t\t\t\t\t<div class=\"elementor-column elementor-col-100 elementor-top-column elementor-element elementor-element-55500bc2\" data-id=\"55500bc2\" data-element_type=\"column\" data-e-type=\"column\">\n\t\t\t<div class=\"elementor-widget-wrap elementor-element-populated\">\n\t\t\t\t\t\t<div class=\"elementor-element elementor-element-ca8c718 elementor-widget elementor-widget-text-editor\" data-id=\"ca8c718\" data-element_type=\"widget\" data-e-type=\"widget\" data-widget_type=\"text-editor.default\">\n\t\t\t\t<div class=\"elementor-widget-container\">\n\t\t\t\t\t\t\t\t\t<h3><b>Schwerpunkt &#8211; Bewegungsfreudige Schule<\/b><\/h3><p><i>\u201eToben macht schlau!\u201c (Zimmer, Renate).<\/i><\/p>\t\t\t\t\t\t\t\t<\/div>\n\t\t\t\t<\/div>\n\t\t\t\t<section class=\"elementor-section elementor-inner-section elementor-element elementor-element-d08c3ca elementor-section-boxed elementor-section-height-default elementor-section-height-default\" data-id=\"d08c3ca\" data-element_type=\"section\" data-e-type=\"section\">\n\t\t\t\t\t\t<div class=\"elementor-container elementor-column-gap-default\">\n\t\t\t\t\t<div class=\"elementor-column elementor-col-33 elementor-inner-column elementor-element elementor-element-80c872f\" data-id=\"80c872f\" data-element_type=\"column\" data-e-type=\"column\">\n\t\t\t<div class=\"elementor-widget-wrap elementor-element-populated\">\n\t\t\t\t\t\t<div class=\"elementor-element elementor-element-7f64c14 elementor-widget elementor-widget-image\" data-id=\"7f64c14\" data-element_type=\"widget\" data-e-type=\"widget\" data-widget_type=\"image.default\">\n\t\t\t\t<div class=\"elementor-widget-container\">\n\t\t\t\t\t\t\t\t\t\t\t\t\t\t\t<img fetchpriority=\"high\" decoding=\"async\" width=\"696\" height=\"1046\" src=\"https:\/\/www.gs-am-pappelsee.de\/wp-content\/uploads\/2023\/09\/GS-am-Pappelsee-143-Bearbeitet-768x1154.jpg\" class=\"attachment-medium_large size-medium_large wp-image-1975\" alt=\"\" srcset=\"https:\/\/www.gs-am-pappelsee.de\/wp-content\/uploads\/2023\/09\/GS-am-Pappelsee-143-Bearbeitet-768x1154.jpg 768w, https:\/\/www.gs-am-pappelsee.de\/wp-content\/uploads\/2023\/09\/GS-am-Pappelsee-143-Bearbeitet-200x300.jpg 200w, https:\/\/www.gs-am-pappelsee.de\/wp-content\/uploads\/2023\/09\/GS-am-Pappelsee-143-Bearbeitet-681x1024.jpg 681w, https:\/\/www.gs-am-pappelsee.de\/wp-content\/uploads\/2023\/09\/GS-am-Pappelsee-143-Bearbeitet-1022x1536.jpg 1022w, https:\/\/www.gs-am-pappelsee.de\/wp-content\/uploads\/2023\/09\/GS-am-Pappelsee-143-Bearbeitet-1363x2048.jpg 1363w, https:\/\/www.gs-am-pappelsee.de\/wp-content\/uploads\/2023\/09\/GS-am-Pappelsee-143-Bearbeitet-scaled.jpg 1703w\" sizes=\"(max-width: 696px) 100vw, 696px\" \/>\t\t\t\t\t\t\t\t\t\t\t\t\t\t\t<\/div>\n\t\t\t\t<\/div>\n\t\t\t\t\t<\/div>\n\t\t<\/div>\n\t\t\t\t<div class=\"elementor-column elementor-col-33 elementor-inner-column elementor-element elementor-element-d58004f\" data-id=\"d58004f\" data-element_type=\"column\" data-e-type=\"column\">\n\t\t\t<div class=\"elementor-widget-wrap elementor-element-populated\">\n\t\t\t\t\t\t<div class=\"elementor-element elementor-element-43a8b24 elementor-widget elementor-widget-text-editor\" data-id=\"43a8b24\" data-element_type=\"widget\" data-e-type=\"widget\" data-widget_type=\"text-editor.default\">\n\t\t\t\t<div class=\"elementor-widget-container\">\n\t\t\t\t\t\t\t\t\t<p style=\"text-align: center;\">Die Erkenntnis, dass Bewegung das Denken verbessert, beherzigt unsere Schule seit Jahren. An beiden Standorten haben die Kinder eine t\u00e4gliche in den Stundenplan eingebettete Bewegungszeit. Die regul\u00e4ren Sport- und Schwimmstunden werden von qualifizierten Lehrkr\u00e4ften erteilt. Aufgrund der Ausweitung des bewegungsfreudigen Lernens in allen F\u00e4chern wurde unsere Schule vom Land NRW mehrfach als \u201eBewegungsfreudige Schule\u201c ausgezeichnet.<\/p>\t\t\t\t\t\t\t\t<\/div>\n\t\t\t\t<\/div>\n\t\t\t\t\t<\/div>\n\t\t<\/div>\n\t\t\t\t<div class=\"elementor-column elementor-col-33 elementor-inner-column elementor-element elementor-element-87266f4\" data-id=\"87266f4\" data-element_type=\"column\" data-e-type=\"column\">\n\t\t\t<div class=\"elementor-widget-wrap elementor-element-populated\">\n\t\t\t\t\t\t<div class=\"elementor-element elementor-element-c37460c elementor-widget elementor-widget-image\" data-id=\"c37460c\" data-element_type=\"widget\" data-e-type=\"widget\" data-widget_type=\"image.default\">\n\t\t\t\t<div class=\"elementor-widget-container\">\n\t\t\t\t\t\t\t\t\t\t\t\t\t\t\t<img decoding=\"async\" width=\"200\" height=\"300\" src=\"https:\/\/www.gs-am-pappelsee.de\/wp-content\/uploads\/2023\/09\/GS-am-Pappelsee-132-Bearbeitet-200x300.jpg\" class=\"attachment-medium size-medium wp-image-1976\" alt=\"\" srcset=\"https:\/\/www.gs-am-pappelsee.de\/wp-content\/uploads\/2023\/09\/GS-am-Pappelsee-132-Bearbeitet-200x300.jpg 200w, https:\/\/www.gs-am-pappelsee.de\/wp-content\/uploads\/2023\/09\/GS-am-Pappelsee-132-Bearbeitet-681x1024.jpg 681w, https:\/\/www.gs-am-pappelsee.de\/wp-content\/uploads\/2023\/09\/GS-am-Pappelsee-132-Bearbeitet-768x1154.jpg 768w, https:\/\/www.gs-am-pappelsee.de\/wp-content\/uploads\/2023\/09\/GS-am-Pappelsee-132-Bearbeitet-1022x1536.jpg 1022w, https:\/\/www.gs-am-pappelsee.de\/wp-content\/uploads\/2023\/09\/GS-am-Pappelsee-132-Bearbeitet-1363x2048.jpg 1363w, https:\/\/www.gs-am-pappelsee.de\/wp-content\/uploads\/2023\/09\/GS-am-Pappelsee-132-Bearbeitet-scaled.jpg 1703w\" sizes=\"(max-width: 200px) 100vw, 200px\" \/>\t\t\t\t\t\t\t\t\t\t\t\t\t\t\t<\/div>\n\t\t\t\t<\/div>\n\t\t\t\t\t<\/div>\n\t\t<\/div>\n\t\t\t\t\t<\/div>\n\t\t<\/section>\n\t\t\t\t<section class=\"elementor-section elementor-inner-section elementor-element elementor-element-1a40064 elementor-section-boxed elementor-section-height-default elementor-section-height-default\" data-id=\"1a40064\" data-element_type=\"section\" data-e-type=\"section\">\n\t\t\t\t\t\t<div class=\"elementor-container elementor-column-gap-default\">\n\t\t\t\t\t<div class=\"elementor-column elementor-col-100 elementor-inner-column elementor-element elementor-element-da65071\" data-id=\"da65071\" data-element_type=\"column\" data-e-type=\"column\">\n\t\t\t<div class=\"elementor-widget-wrap elementor-element-populated\">\n\t\t\t\t\t\t<div class=\"elementor-element elementor-element-a6ed52a elementor-widget elementor-widget-text-editor\" data-id=\"a6ed52a\" data-element_type=\"widget\" data-e-type=\"widget\" data-widget_type=\"text-editor.default\">\n\t\t\t\t<div class=\"elementor-widget-container\">\n\t\t\t\t\t\t\t\t\t<p style=\"text-align: center;\">Einen zus\u00e4tzlichen Anreiz auch im au\u00dferunterrichtlichen Bereich erreichten wir 2013 durch die Erweiterung des Schulhofes am Hauptstandort um einen Niederseilparcours und am Teilstandort Montplanetstra\u00dfe im Schuljahr 2016 durch ein neues Kletterger\u00fcst. Sowohl im Sommer als auch im Winter nutzen wir unsere Schulumgebung, vor allem das Gel\u00e4nde rund um den Pappelsee, f\u00fcr Bewegung und Spa\u00df. Die dort installierten Basketballfelder, das zu Fu\u00df erreichbare Schwimmbad, der erneuerte Sportplatz an der Eyller Stra\u00dfe mit Kunststoffbahn, Beachvolleyballfeld und Beachhandballfeld werden regelm\u00e4\u00dfig im Unterricht und auch in der Betreuungszeit aufgesucht.<\/p>\t\t\t\t\t\t\t\t<\/div>\n\t\t\t\t<\/div>\n\t\t\t\t\t<\/div>\n\t\t<\/div>\n\t\t\t\t\t<\/div>\n\t\t<\/section>\n\t\t\t\t\t<\/div>\n\t\t<\/div>\n\t\t\t\t\t<\/div>\n\t\t<\/section>\n\t\t\t\t<section class=\"elementor-section elementor-top-section elementor-element elementor-element-11da6ee elementor-section-boxed elementor-section-height-default elementor-section-height-default\" data-id=\"11da6ee\" data-element_type=\"section\" data-e-type=\"section\">\n\t\t\t\t\t\t<div class=\"elementor-container elementor-column-gap-default\">\n\t\t\t\t\t<div class=\"elementor-column elementor-col-100 elementor-top-column elementor-element elementor-element-9256901\" data-id=\"9256901\" data-element_type=\"column\" data-e-type=\"column\">\n\t\t\t<div class=\"elementor-widget-wrap elementor-element-populated\">\n\t\t\t\t\t\t<div class=\"elementor-element elementor-element-0bdaea5 elementor-widget elementor-widget-text-editor\" data-id=\"0bdaea5\" data-element_type=\"widget\" data-e-type=\"widget\" data-widget_type=\"text-editor.default\">\n\t\t\t\t<div class=\"elementor-widget-container\">\n\t\t\t\t\t\t\t\t\t<h4><b>Schwerpunkt &#8211; Jahrgangsgemischtes Lernen<\/b><\/h4>\t\t\t\t\t\t\t\t<\/div>\n\t\t\t\t<\/div>\n\t\t\t\t<section class=\"elementor-section elementor-inner-section elementor-element elementor-element-7e55bdf elementor-section-boxed elementor-section-height-default elementor-section-height-default\" data-id=\"7e55bdf\" data-element_type=\"section\" data-e-type=\"section\">\n\t\t\t\t\t\t<div class=\"elementor-container elementor-column-gap-default\">\n\t\t\t\t\t<div class=\"elementor-column elementor-col-33 elementor-inner-column elementor-element elementor-element-09c6d09\" data-id=\"09c6d09\" data-element_type=\"column\" data-e-type=\"column\">\n\t\t\t<div class=\"elementor-widget-wrap elementor-element-populated\">\n\t\t\t\t\t\t<div class=\"elementor-element elementor-element-e8b8f20 elementor-widget elementor-widget-image\" data-id=\"e8b8f20\" data-element_type=\"widget\" data-e-type=\"widget\" data-widget_type=\"image.default\">\n\t\t\t\t<div class=\"elementor-widget-container\">\n\t\t\t\t\t\t\t\t\t\t\t\t\t\t\t<img decoding=\"async\" width=\"696\" height=\"463\" src=\"https:\/\/www.gs-am-pappelsee.de\/wp-content\/uploads\/2023\/09\/gemeinsam-lernen-1024x681.jpg\" class=\"attachment-large size-large wp-image-1964\" alt=\"\" srcset=\"https:\/\/www.gs-am-pappelsee.de\/wp-content\/uploads\/2023\/09\/gemeinsam-lernen-1024x681.jpg 1024w, https:\/\/www.gs-am-pappelsee.de\/wp-content\/uploads\/2023\/09\/gemeinsam-lernen-300x200.jpg 300w, https:\/\/www.gs-am-pappelsee.de\/wp-content\/uploads\/2023\/09\/gemeinsam-lernen-768x511.jpg 768w, https:\/\/www.gs-am-pappelsee.de\/wp-content\/uploads\/2023\/09\/gemeinsam-lernen-1536x1022.jpg 1536w, https:\/\/www.gs-am-pappelsee.de\/wp-content\/uploads\/2023\/09\/gemeinsam-lernen-2048x1363.jpg 2048w\" sizes=\"(max-width: 696px) 100vw, 696px\" \/>\t\t\t\t\t\t\t\t\t\t\t\t\t\t\t<\/div>\n\t\t\t\t<\/div>\n\t\t\t\t\t<\/div>\n\t\t<\/div>\n\t\t\t\t<div class=\"elementor-column elementor-col-33 elementor-inner-column elementor-element elementor-element-b8fd25f\" data-id=\"b8fd25f\" data-element_type=\"column\" data-e-type=\"column\">\n\t\t\t<div class=\"elementor-widget-wrap elementor-element-populated\">\n\t\t\t\t\t\t<div class=\"elementor-element elementor-element-f5d4fb0 elementor-widget elementor-widget-text-editor\" data-id=\"f5d4fb0\" data-element_type=\"widget\" data-e-type=\"widget\" data-widget_type=\"text-editor.default\">\n\t\t\t\t<div class=\"elementor-widget-container\">\n\t\t\t\t\t\t\t\t\t<p>Jedes Kind ist anders. Die flexible Schuleingangsphase, in der Kinder des 1. und 2. Schuljahres gemeinsam unterrichtet werden, erm\u00f6glicht, auf die individuelle Entwicklung des Lernens einzugehen. Die seit 10 Jahren gemachten Erfahrungen des jahrgangsgemischten Unterrichts \u2013 hier tabellarisch dargestellt &#8211; zeigen deutlich, wie \u201eGro\u00dfe\u201c und \u201eKleine\u201c erfolgreich von- und miteinander lerne und welche Chancen sich f\u00fcr das Lernen und den Unterricht als solches daraus ergeben.<\/p>\t\t\t\t\t\t\t\t<\/div>\n\t\t\t\t<\/div>\n\t\t\t\t\t<\/div>\n\t\t<\/div>\n\t\t\t\t<div class=\"elementor-column elementor-col-33 elementor-inner-column elementor-element elementor-element-a953cf4\" data-id=\"a953cf4\" data-element_type=\"column\" data-e-type=\"column\">\n\t\t\t<div class=\"elementor-widget-wrap elementor-element-populated\">\n\t\t\t\t\t\t<div class=\"elementor-element elementor-element-bdc9d8a elementor-widget elementor-widget-image\" data-id=\"bdc9d8a\" data-element_type=\"widget\" data-e-type=\"widget\" data-widget_type=\"image.default\">\n\t\t\t\t<div class=\"elementor-widget-container\">\n\t\t\t\t\t\t\t\t\t\t\t\t\t\t\t<img loading=\"lazy\" decoding=\"async\" width=\"696\" height=\"463\" src=\"https:\/\/www.gs-am-pappelsee.de\/wp-content\/uploads\/2023\/09\/GS-am-Pappelsee-251-Bearbeitet-1024x681.jpg\" class=\"attachment-large size-large wp-image-1984\" alt=\"\" srcset=\"https:\/\/www.gs-am-pappelsee.de\/wp-content\/uploads\/2023\/09\/GS-am-Pappelsee-251-Bearbeitet-1024x681.jpg 1024w, https:\/\/www.gs-am-pappelsee.de\/wp-content\/uploads\/2023\/09\/GS-am-Pappelsee-251-Bearbeitet-300x200.jpg 300w, https:\/\/www.gs-am-pappelsee.de\/wp-content\/uploads\/2023\/09\/GS-am-Pappelsee-251-Bearbeitet-768x511.jpg 768w, https:\/\/www.gs-am-pappelsee.de\/wp-content\/uploads\/2023\/09\/GS-am-Pappelsee-251-Bearbeitet-1536x1022.jpg 1536w, https:\/\/www.gs-am-pappelsee.de\/wp-content\/uploads\/2023\/09\/GS-am-Pappelsee-251-Bearbeitet-2048x1363.jpg 2048w\" sizes=\"(max-width: 696px) 100vw, 696px\" \/>\t\t\t\t\t\t\t\t\t\t\t\t\t\t\t<\/div>\n\t\t\t\t<\/div>\n\t\t\t\t\t<\/div>\n\t\t<\/div>\n\t\t\t\t\t<\/div>\n\t\t<\/section>\n\t\t\t\t\t<\/div>\n\t\t<\/div>\n\t\t\t\t\t<\/div>\n\t\t<\/section>\n\t\t\t\t<section class=\"elementor-section elementor-top-section elementor-element elementor-element-ac7f93b elementor-section-boxed elementor-section-height-default elementor-section-height-default\" data-id=\"ac7f93b\" data-element_type=\"section\" data-e-type=\"section\">\n\t\t\t\t\t\t<div class=\"elementor-container elementor-column-gap-default\">\n\t\t\t\t\t<div class=\"elementor-column elementor-col-100 elementor-top-column elementor-element elementor-element-91811fe\" data-id=\"91811fe\" data-element_type=\"column\" data-e-type=\"column\">\n\t\t\t<div class=\"elementor-widget-wrap elementor-element-populated\">\n\t\t\t\t\t\t<div class=\"elementor-element elementor-element-86d2bde elementor-widget elementor-widget-text-editor\" data-id=\"86d2bde\" data-element_type=\"widget\" data-e-type=\"widget\" data-widget_type=\"text-editor.default\">\n\t\t\t\t<div class=\"elementor-widget-container\">\n\t\t\t\t\t\t\t\t\t<p style=\"text-align: center;\"><b>P\u00e4dagogische Chancen&#8230;<\/b><\/p>\t\t\t\t\t\t\t\t<\/div>\n\t\t\t\t<\/div>\n\t\t\t\t<section class=\"elementor-section elementor-inner-section elementor-element elementor-element-30e3067 elementor-section-boxed elementor-section-height-default elementor-section-height-default\" data-id=\"30e3067\" data-element_type=\"section\" data-e-type=\"section\">\n\t\t\t\t\t\t<div class=\"elementor-container elementor-column-gap-default\">\n\t\t\t\t\t<div class=\"elementor-column elementor-col-33 elementor-inner-column elementor-element elementor-element-89b02c5\" data-id=\"89b02c5\" data-element_type=\"column\" data-e-type=\"column\">\n\t\t\t<div class=\"elementor-widget-wrap elementor-element-populated\">\n\t\t\t\t\t\t<div class=\"elementor-element elementor-element-751c51f elementor-widget elementor-widget-text-editor\" data-id=\"751c51f\" data-element_type=\"widget\" data-e-type=\"widget\" data-widget_type=\"text-editor.default\">\n\t\t\t\t<div class=\"elementor-widget-container\">\n\t\t\t\t\t\t\t\t\t<p><b>f\u00fcr die j\u00fcngeren Kinder<\/b><\/p><ul><li>\u00dcbernahme in bestehende Gemeinschaft<\/li><li>\u00dcbernahme von Regeln\/Ritualen<\/li><li>\u00dcbernahme von Lernmethoden<\/li><li>Anregung und F\u00f6rderung in Zusammenarbeit mit \u00e4lteren Kindern<\/li><li>Anerkennung von \u00e4lteren Kindern -&gt; positives Selbstkonzept -&gt; intrinsische Lernmotivation<\/li><\/ul>\t\t\t\t\t\t\t\t<\/div>\n\t\t\t\t<\/div>\n\t\t\t\t\t<\/div>\n\t\t<\/div>\n\t\t\t\t<div class=\"elementor-column elementor-col-33 elementor-inner-column elementor-element elementor-element-0cd427f\" data-id=\"0cd427f\" data-element_type=\"column\" data-e-type=\"column\">\n\t\t\t<div class=\"elementor-widget-wrap elementor-element-populated\">\n\t\t\t\t\t\t<div class=\"elementor-element elementor-element-d28ffe3 elementor-widget elementor-widget-text-editor\" data-id=\"d28ffe3\" data-element_type=\"widget\" data-e-type=\"widget\" data-widget_type=\"text-editor.default\">\n\t\t\t\t<div class=\"elementor-widget-container\">\n\t\t\t\t\t\t\t\t\t<p><b>f\u00fcr die \u00e4lteren Kinder<\/b><\/p><ul><li>Perspektivischer Wechsel vom Hilfesuchenden zum Helfenden<\/li><li>Lernen durch Lehren (WDH, Festigung, Verst\u00e4ndnis)<\/li><li>Intensivierung von \u00dcbungen und \u00dcbungsformen durch<br \/>Wissensvorsprung -&gt; positives Selbstkonzept -&gt; intrinsische Lernmotivation<\/li><\/ul>\t\t\t\t\t\t\t\t<\/div>\n\t\t\t\t<\/div>\n\t\t\t\t\t<\/div>\n\t\t<\/div>\n\t\t\t\t<div class=\"elementor-column elementor-col-33 elementor-inner-column elementor-element elementor-element-46ce699\" data-id=\"46ce699\" data-element_type=\"column\" data-e-type=\"column\">\n\t\t\t<div class=\"elementor-widget-wrap elementor-element-populated\">\n\t\t\t\t\t\t<div class=\"elementor-element elementor-element-5e9909f elementor-widget elementor-widget-text-editor\" data-id=\"5e9909f\" data-element_type=\"widget\" data-e-type=\"widget\" data-widget_type=\"text-editor.default\">\n\t\t\t\t<div class=\"elementor-widget-container\">\n\t\t\t\t\t\t\t\t\t<p><b>f\u00fcr alle Kinder<\/b><\/p><ul><li>Individuelle Lernwege durch offene Arbeitsformen<\/li><li>Selbstst\u00e4ndiges Lernen und Organisation<\/li><li>Flexible Verweildauer mit Verbleib\/Fortschritt einer Lerngruppe<\/li><li>Sozialerfahrungen mit \u00e4lteren\/j\u00fcngeren Kindern (Rollentausch)<\/li><li>St\u00e4rkung der Kooperationsf\u00e4higkeit<\/li><li>Flexibilit\u00e4t im eigenen Klassenraum -&gt; entlastete Lern- und Klassenatomsph\u00e4re<\/li><\/ul>\t\t\t\t\t\t\t\t<\/div>\n\t\t\t\t<\/div>\n\t\t\t\t\t<\/div>\n\t\t<\/div>\n\t\t\t\t\t<\/div>\n\t\t<\/section>\n\t\t\t\t\t<\/div>\n\t\t<\/div>\n\t\t\t\t\t<\/div>\n\t\t<\/section>\n\t\t\t\t<section class=\"elementor-section elementor-top-section elementor-element elementor-element-6eae969 elementor-section-boxed elementor-section-height-default elementor-section-height-default\" data-id=\"6eae969\" data-element_type=\"section\" data-e-type=\"section\">\n\t\t\t\t\t\t<div class=\"elementor-container elementor-column-gap-default\">\n\t\t\t\t\t<div class=\"elementor-column elementor-col-100 elementor-top-column elementor-element elementor-element-e305fb5\" data-id=\"e305fb5\" data-element_type=\"column\" data-e-type=\"column\">\n\t\t\t<div class=\"elementor-widget-wrap elementor-element-populated\">\n\t\t\t\t\t\t<div class=\"elementor-element elementor-element-aca353c elementor-widget elementor-widget-text-editor\" data-id=\"aca353c\" data-element_type=\"widget\" data-e-type=\"widget\" data-widget_type=\"text-editor.default\">\n\t\t\t\t<div class=\"elementor-widget-container\">\n\t\t\t\t\t\t\t\t\t<h4><b>Schwerpunkt &#8211; Kinderrechte Schule<\/b><\/h4>\t\t\t\t\t\t\t\t<\/div>\n\t\t\t\t<\/div>\n\t\t\t\t<section class=\"elementor-section elementor-inner-section elementor-element elementor-element-73a43ca elementor-section-boxed elementor-section-height-default elementor-section-height-default\" data-id=\"73a43ca\" data-element_type=\"section\" data-e-type=\"section\">\n\t\t\t\t\t\t<div class=\"elementor-container elementor-column-gap-default\">\n\t\t\t\t\t<div class=\"elementor-column elementor-col-100 elementor-inner-column elementor-element elementor-element-064060c\" data-id=\"064060c\" data-element_type=\"column\" data-e-type=\"column\">\n\t\t\t<div class=\"elementor-widget-wrap elementor-element-populated\">\n\t\t\t\t\t\t<div class=\"elementor-element elementor-element-92b697a elementor-widget elementor-widget-text-editor\" data-id=\"92b697a\" data-element_type=\"widget\" data-e-type=\"widget\" data-widget_type=\"text-editor.default\">\n\t\t\t\t<div class=\"elementor-widget-container\">\n\t\t\t\t\t\t\t\t\t<h3 style=\"text-align: center;\"><em>\u201eEins, zwei, drei, vier \u2013 wir Kinder haben Rechte hier;<\/em><br \/><em>f\u00fcnf, sechs, sieben, acht \u2013 ohne Rechte w\u00e4r\u2019s gelacht\u201c<\/em><\/h3><p>\u00a0<\/p><center><em>(Ausschnitt aus dem schuleigenen Kinderrechte-Rap)<\/em><p>\u00a0<\/p><\/center>\t\t\t\t\t\t\t\t<\/div>\n\t\t\t\t<\/div>\n\t\t\t\t\t<\/div>\n\t\t<\/div>\n\t\t\t\t\t<\/div>\n\t\t<\/section>\n\t\t\t\t<section class=\"elementor-section elementor-inner-section elementor-element elementor-element-453dce8 elementor-section-boxed elementor-section-height-default elementor-section-height-default\" data-id=\"453dce8\" data-element_type=\"section\" data-e-type=\"section\">\n\t\t\t\t\t\t<div class=\"elementor-container elementor-column-gap-default\">\n\t\t\t\t\t<div class=\"elementor-column elementor-col-50 elementor-inner-column elementor-element elementor-element-ac66a0e\" data-id=\"ac66a0e\" data-element_type=\"column\" data-e-type=\"column\">\n\t\t\t<div class=\"elementor-widget-wrap elementor-element-populated\">\n\t\t\t\t\t\t<div class=\"elementor-element elementor-element-b9e6f81 elementor-widget elementor-widget-image\" data-id=\"b9e6f81\" data-element_type=\"widget\" data-e-type=\"widget\" data-widget_type=\"image.default\">\n\t\t\t\t<div class=\"elementor-widget-container\">\n\t\t\t\t\t\t\t\t\t\t\t\t\t\t\t<img loading=\"lazy\" decoding=\"async\" width=\"696\" height=\"463\" src=\"https:\/\/www.gs-am-pappelsee.de\/wp-content\/uploads\/2023\/09\/GS-am-Pappelsee-229-Bearbeitet-1024x681.jpg\" class=\"attachment-large size-large wp-image-2028\" alt=\"\" srcset=\"https:\/\/www.gs-am-pappelsee.de\/wp-content\/uploads\/2023\/09\/GS-am-Pappelsee-229-Bearbeitet-1024x681.jpg 1024w, https:\/\/www.gs-am-pappelsee.de\/wp-content\/uploads\/2023\/09\/GS-am-Pappelsee-229-Bearbeitet-300x200.jpg 300w, https:\/\/www.gs-am-pappelsee.de\/wp-content\/uploads\/2023\/09\/GS-am-Pappelsee-229-Bearbeitet-768x511.jpg 768w, https:\/\/www.gs-am-pappelsee.de\/wp-content\/uploads\/2023\/09\/GS-am-Pappelsee-229-Bearbeitet-1536x1022.jpg 1536w, https:\/\/www.gs-am-pappelsee.de\/wp-content\/uploads\/2023\/09\/GS-am-Pappelsee-229-Bearbeitet-2048x1362.jpg 2048w\" sizes=\"(max-width: 696px) 100vw, 696px\" \/>\t\t\t\t\t\t\t\t\t\t\t\t\t\t\t<\/div>\n\t\t\t\t<\/div>\n\t\t\t\t\t<\/div>\n\t\t<\/div>\n\t\t\t\t<div class=\"elementor-column elementor-col-50 elementor-inner-column elementor-element elementor-element-a14baf1\" data-id=\"a14baf1\" data-element_type=\"column\" data-e-type=\"column\">\n\t\t\t<div class=\"elementor-widget-wrap elementor-element-populated\">\n\t\t\t\t\t\t<div class=\"elementor-element elementor-element-99f8de2 elementor-widget elementor-widget-image\" data-id=\"99f8de2\" data-element_type=\"widget\" data-e-type=\"widget\" data-widget_type=\"image.default\">\n\t\t\t\t<div class=\"elementor-widget-container\">\n\t\t\t\t\t\t\t\t\t\t\t\t\t\t\t<img loading=\"lazy\" decoding=\"async\" width=\"696\" height=\"463\" src=\"https:\/\/www.gs-am-pappelsee.de\/wp-content\/uploads\/2023\/09\/GS-am-Pappelsee-231-Bearbeitet-1024x681.jpg\" class=\"attachment-large size-large wp-image-2029\" alt=\"\" srcset=\"https:\/\/www.gs-am-pappelsee.de\/wp-content\/uploads\/2023\/09\/GS-am-Pappelsee-231-Bearbeitet-1024x681.jpg 1024w, https:\/\/www.gs-am-pappelsee.de\/wp-content\/uploads\/2023\/09\/GS-am-Pappelsee-231-Bearbeitet-300x200.jpg 300w, https:\/\/www.gs-am-pappelsee.de\/wp-content\/uploads\/2023\/09\/GS-am-Pappelsee-231-Bearbeitet-768x511.jpg 768w, https:\/\/www.gs-am-pappelsee.de\/wp-content\/uploads\/2023\/09\/GS-am-Pappelsee-231-Bearbeitet-1536x1022.jpg 1536w, https:\/\/www.gs-am-pappelsee.de\/wp-content\/uploads\/2023\/09\/GS-am-Pappelsee-231-Bearbeitet-2048x1363.jpg 2048w\" sizes=\"(max-width: 696px) 100vw, 696px\" \/>\t\t\t\t\t\t\t\t\t\t\t\t\t\t\t<\/div>\n\t\t\t\t<\/div>\n\t\t\t\t\t<\/div>\n\t\t<\/div>\n\t\t\t\t\t<\/div>\n\t\t<\/section>\n\t\t\t\t<section class=\"elementor-section elementor-inner-section elementor-element elementor-element-253c916 elementor-section-boxed elementor-section-height-default elementor-section-height-default\" data-id=\"253c916\" data-element_type=\"section\" data-e-type=\"section\">\n\t\t\t\t\t\t<div class=\"elementor-container elementor-column-gap-default\">\n\t\t\t\t\t<div class=\"elementor-column elementor-col-100 elementor-inner-column elementor-element elementor-element-27792ee\" data-id=\"27792ee\" data-element_type=\"column\" data-e-type=\"column\">\n\t\t\t<div class=\"elementor-widget-wrap elementor-element-populated\">\n\t\t\t\t\t\t<div class=\"elementor-element elementor-element-adf40fa elementor-widget elementor-widget-text-editor\" data-id=\"adf40fa\" data-element_type=\"widget\" data-e-type=\"widget\" data-widget_type=\"text-editor.default\">\n\t\t\t\t<div class=\"elementor-widget-container\">\n\t\t\t\t\t\t\t\t\t<p>Kinder haben besondere Rechte. Doch leider kennen viele Kinder ihre Rechte nicht. Daher hat<br \/>sich unsere Schule im Jahr 2021\/22 auf den Weg zu einer Kinderrechte-Schule begeben.<\/p><ul><li>Die Rechte der Kinder werden bei uns schon seit vielen Jahren gest\u00e4rkt. Besonders fokussiert wird hierbei das Recht auf Meinungsfreiheit und Mitbestimmung:<br \/>In einer fest in den Stundenplan integrierten Stunde f\u00fcr den Klassenrat haben die Sch\u00fclerinnen und Sch\u00fcler die M\u00f6glichkeit, zu partizipieren und aktuelle Themen sowie Sorgen zu besprechen.<\/li><li>Im Sch\u00fclerparlament diskutieren die jeweiligen Klassensprecherinnen und Klassensprecher aktuelle Themen. Hier haben sie \u2013 stellvertretend f\u00fcr ihre Klassen \u2013 das Recht auf Mitgestaltung und Mitentwicklung des Schullebens.<\/li><li>In den H\u00e4nden der Schulsozialarbeiterin liegt die Ausbildung der Sch\u00fclerinnen und Sch\u00fcler im Jahrgang 3\/4 zu Streitl\u00f6serinnen und Streitl\u00f6sern, die ihre Mitsch\u00fclerinnen und Mitsch\u00fcler bei der Schlichtung von Konflikten unterst\u00fctzen.<\/li><li>Auf unserem j\u00e4hrlichen schulinternen Fest zum Weltkindertag lernen die Sch\u00fclerinnen und Sch\u00fcler ein exemplarisches Recht mithilfe spielerischer \u00dcbungen kennen und feiern abschlie\u00dfend gemeinsam ihre Rechte auf dem Schulhof.<\/li><li>Am Tag der Zeugnisausgabe haben die Sch\u00fclerinnen und Sch\u00fcler die M\u00f6glichkeit, auch ihren Lehrkr\u00e4ften ein eigenes Zeugnis zu schreiben. Durch diese und weitere Rituale sowie die enge KooperaFon unserer Schule mit der Stadt Kamp-LinZort, z. B. f\u00fcr das kommunale Fest zum Weltkindertag, setzen wir uns zum Ziel, die Kinderrechte nicht nur in das Bewusstsein unserer Sch\u00fclerinnen und Sch\u00fcler, sondern aller am Schulleben Beteiligten zu r\u00fccken.<\/li><\/ul>\t\t\t\t\t\t\t\t<\/div>\n\t\t\t\t<\/div>\n\t\t\t\t\t<\/div>\n\t\t<\/div>\n\t\t\t\t\t<\/div>\n\t\t<\/section>\n\t\t\t\t\t<\/div>\n\t\t<\/div>\n\t\t\t\t\t<\/div>\n\t\t<\/section>\n\t\t\t\t<section class=\"elementor-section elementor-top-section elementor-element elementor-element-6f9eec7 elementor-section-boxed elementor-section-height-default elementor-section-height-default\" data-id=\"6f9eec7\" data-element_type=\"section\" data-e-type=\"section\">\n\t\t\t\t\t\t<div class=\"elementor-container elementor-column-gap-default\">\n\t\t\t\t\t<div class=\"elementor-column elementor-col-100 elementor-top-column elementor-element elementor-element-0f04a5d\" data-id=\"0f04a5d\" data-element_type=\"column\" data-e-type=\"column\">\n\t\t\t<div class=\"elementor-widget-wrap elementor-element-populated\">\n\t\t\t\t\t\t<div class=\"elementor-element elementor-element-49464fe elementor-widget elementor-widget-text-editor\" data-id=\"49464fe\" data-element_type=\"widget\" data-e-type=\"widget\" data-widget_type=\"text-editor.default\">\n\t\t\t\t<div class=\"elementor-widget-container\">\n\t\t\t\t\t\t\t\t\t<h4><b>Schwerpunkt &#8211; Gute gesunde Schule<\/b><\/h4>\t\t\t\t\t\t\t\t<\/div>\n\t\t\t\t<\/div>\n\t\t\t\t<section class=\"elementor-section elementor-inner-section elementor-element elementor-element-04fa117 elementor-section-boxed elementor-section-height-default elementor-section-height-default\" data-id=\"04fa117\" data-element_type=\"section\" data-e-type=\"section\">\n\t\t\t\t\t\t<div class=\"elementor-container elementor-column-gap-default\">\n\t\t\t\t\t<div class=\"elementor-column elementor-col-50 elementor-inner-column elementor-element elementor-element-8fbd39c\" data-id=\"8fbd39c\" data-element_type=\"column\" data-e-type=\"column\">\n\t\t\t<div class=\"elementor-widget-wrap elementor-element-populated\">\n\t\t\t\t\t\t<div class=\"elementor-element elementor-element-7c99b0c elementor-widget elementor-widget-image\" data-id=\"7c99b0c\" data-element_type=\"widget\" data-e-type=\"widget\" data-widget_type=\"image.default\">\n\t\t\t\t<div class=\"elementor-widget-container\">\n\t\t\t\t\t\t\t\t\t\t\t\t\t\t\t<img loading=\"lazy\" decoding=\"async\" width=\"200\" height=\"300\" src=\"https:\/\/www.gs-am-pappelsee.de\/wp-content\/uploads\/2023\/09\/GS-am-Pappelsee-196-Bearbeitet-200x300.jpg\" class=\"attachment-medium size-medium wp-image-2030\" alt=\"\" srcset=\"https:\/\/www.gs-am-pappelsee.de\/wp-content\/uploads\/2023\/09\/GS-am-Pappelsee-196-Bearbeitet-200x300.jpg 200w, https:\/\/www.gs-am-pappelsee.de\/wp-content\/uploads\/2023\/09\/GS-am-Pappelsee-196-Bearbeitet-681x1024.jpg 681w, https:\/\/www.gs-am-pappelsee.de\/wp-content\/uploads\/2023\/09\/GS-am-Pappelsee-196-Bearbeitet-768x1154.jpg 768w, https:\/\/www.gs-am-pappelsee.de\/wp-content\/uploads\/2023\/09\/GS-am-Pappelsee-196-Bearbeitet-1022x1536.jpg 1022w, https:\/\/www.gs-am-pappelsee.de\/wp-content\/uploads\/2023\/09\/GS-am-Pappelsee-196-Bearbeitet-1363x2048.jpg 1363w, https:\/\/www.gs-am-pappelsee.de\/wp-content\/uploads\/2023\/09\/GS-am-Pappelsee-196-Bearbeitet-scaled.jpg 1703w\" sizes=\"(max-width: 200px) 100vw, 200px\" \/>\t\t\t\t\t\t\t\t\t\t\t\t\t\t\t<\/div>\n\t\t\t\t<\/div>\n\t\t\t\t\t<\/div>\n\t\t<\/div>\n\t\t\t\t<div class=\"elementor-column elementor-col-50 elementor-inner-column elementor-element elementor-element-d3c1b6c\" data-id=\"d3c1b6c\" data-element_type=\"column\" data-e-type=\"column\">\n\t\t\t<div class=\"elementor-widget-wrap elementor-element-populated\">\n\t\t\t\t\t\t<div class=\"elementor-element elementor-element-8d1335a elementor-widget elementor-widget-text-editor\" data-id=\"8d1335a\" data-element_type=\"widget\" data-e-type=\"widget\" data-widget_type=\"text-editor.default\">\n\t\t\t\t<div class=\"elementor-widget-container\">\n\t\t\t\t\t\t\t\t\t<p>Nur wer gesund ist und sich wohl f\u00fchlt, kann konzentriert arbeiten und lernen, sowie gute Leistungen erbringen. Dies gilt f\u00fcr Sch\u00fcler und f\u00fcr Lehrer. Daher wird Gesundheit an unserer Schule gef\u00f6rdert und gelebt, vor allem durch Bewegung, gesunde Ern\u00e4hrung und ein angenehmes Schulklima. Auch die Erweiterung der Schulh\u00f6fe um Kletterger\u00fcste, einen Niederseilparcours und einen Schulgarten unterstreicht die Gesundheitserziehung an unserer Schule.<\/p>\t\t\t\t\t\t\t\t<\/div>\n\t\t\t\t<\/div>\n\t\t\t\t\t<\/div>\n\t\t<\/div>\n\t\t\t\t\t<\/div>\n\t\t<\/section>\n\t\t\t\t\t<\/div>\n\t\t<\/div>\n\t\t\t\t\t<\/div>\n\t\t<\/section>\n\t\t\t\t<section class=\"elementor-section elementor-top-section elementor-element elementor-element-2b505c3 elementor-section-boxed elementor-section-height-default elementor-section-height-default\" data-id=\"2b505c3\" data-element_type=\"section\" data-e-type=\"section\">\n\t\t\t\t\t\t<div class=\"elementor-container elementor-column-gap-default\">\n\t\t\t\t\t<div class=\"elementor-column elementor-col-100 elementor-top-column elementor-element elementor-element-68dbca1\" data-id=\"68dbca1\" data-element_type=\"column\" data-e-type=\"column\">\n\t\t\t<div class=\"elementor-widget-wrap elementor-element-populated\">\n\t\t\t\t\t\t<div class=\"elementor-element elementor-element-6021748 elementor-widget elementor-widget-text-editor\" data-id=\"6021748\" data-element_type=\"widget\" data-e-type=\"widget\" data-widget_type=\"text-editor.default\">\n\t\t\t\t<div class=\"elementor-widget-container\">\n\t\t\t\t\t\t\t\t\t<div><b>Schwerpunkt &#8211; Individuelle F\u00f6rderung der Kinder<\/b><\/div><div><i>\u201eEs ist normal, verschieden zu sein.\u201c (Richard von Weizs\u00e4cker)<\/i><\/div>\t\t\t\t\t\t\t\t<\/div>\n\t\t\t\t<\/div>\n\t\t\t\t<section class=\"elementor-section elementor-inner-section elementor-element elementor-element-9f54e08 elementor-section-boxed elementor-section-height-default elementor-section-height-default\" data-id=\"9f54e08\" data-element_type=\"section\" data-e-type=\"section\">\n\t\t\t\t\t\t<div class=\"elementor-container elementor-column-gap-default\">\n\t\t\t\t\t<div class=\"elementor-column elementor-col-50 elementor-inner-column elementor-element elementor-element-fcab6ed\" data-id=\"fcab6ed\" data-element_type=\"column\" data-e-type=\"column\">\n\t\t\t<div class=\"elementor-widget-wrap elementor-element-populated\">\n\t\t\t\t\t\t<div class=\"elementor-element elementor-element-13855c7 elementor-widget elementor-widget-text-editor\" data-id=\"13855c7\" data-element_type=\"widget\" data-e-type=\"widget\" data-widget_type=\"text-editor.default\">\n\t\t\t\t<div class=\"elementor-widget-container\">\n\t\t\t\t\t\t\t\t\t<p>Wir wollen jedes Kind bezogen auf seine individuellen St\u00e4rken und Schw\u00e4chen durch differenzierten Unterricht und ein anregungsreiches Schulleben nachhaltig f\u00f6rdern. Durch die jahrgangsgemischten Klassen bieten wir h\u00f6chste Differenzierung in jeder Unterrichtsstunde. Hier lernen die Kinder das Lernen in verschiedensten Methoden: Lernzeitvertr\u00e4ge, Arbeitsp\u00e4sse, Lernempfehlungen, Werkstatt- und Projektunterricht. Uns ist es besonders wichtig, dass das Lernen in einer angenehmen Atmosph\u00e4re erfolgt. Verschiedene Sozialformen wie Partner- und Gruppenarbeit f\u00f6rdern die Teamf\u00e4higkeit der Kinder. Neben einem differenzierten Unterricht bieten wir zus\u00e4tzlichen F\u00f6rder- und Forderunterricht an, der ebenfalls allen Sch\u00fclern offen steht. Sie erfahren Unterst\u00fctzung oder herausfordernde Aufgaben beim Lesen und Rechtschreiben, in der deutschen Sprache, Mathematik, Englisch, in den digitalen Medien und als \u201eBewegungsfreudige Schule\u201c auch im Fach Sport im Rahmen des Sportf\u00f6rderunterrichtes.<\/p>\t\t\t\t\t\t\t\t<\/div>\n\t\t\t\t<\/div>\n\t\t\t\t\t<\/div>\n\t\t<\/div>\n\t\t\t\t<div class=\"elementor-column elementor-col-50 elementor-inner-column elementor-element elementor-element-205a387\" data-id=\"205a387\" data-element_type=\"column\" data-e-type=\"column\">\n\t\t\t<div class=\"elementor-widget-wrap elementor-element-populated\">\n\t\t\t\t\t\t<div class=\"elementor-element elementor-element-7b0da93 elementor-widget elementor-widget-image\" data-id=\"7b0da93\" data-element_type=\"widget\" data-e-type=\"widget\" data-widget_type=\"image.default\">\n\t\t\t\t<div class=\"elementor-widget-container\">\n\t\t\t\t\t\t\t\t\t\t\t\t\t\t\t<img loading=\"lazy\" decoding=\"async\" width=\"696\" height=\"464\" src=\"https:\/\/www.gs-am-pappelsee.de\/wp-content\/uploads\/2023\/09\/GS-am-Pappelsee-225-Bearbeitet-1024x683.jpg\" class=\"attachment-large size-large wp-image-2035\" alt=\"\" srcset=\"https:\/\/www.gs-am-pappelsee.de\/wp-content\/uploads\/2023\/09\/GS-am-Pappelsee-225-Bearbeitet-1024x683.jpg 1024w, https:\/\/www.gs-am-pappelsee.de\/wp-content\/uploads\/2023\/09\/GS-am-Pappelsee-225-Bearbeitet-300x200.jpg 300w, https:\/\/www.gs-am-pappelsee.de\/wp-content\/uploads\/2023\/09\/GS-am-Pappelsee-225-Bearbeitet-768x512.jpg 768w, https:\/\/www.gs-am-pappelsee.de\/wp-content\/uploads\/2023\/09\/GS-am-Pappelsee-225-Bearbeitet-1536x1024.jpg 1536w, https:\/\/www.gs-am-pappelsee.de\/wp-content\/uploads\/2023\/09\/GS-am-Pappelsee-225-Bearbeitet-2048x1365.jpg 2048w\" sizes=\"(max-width: 696px) 100vw, 696px\" \/>\t\t\t\t\t\t\t\t\t\t\t\t\t\t\t<\/div>\n\t\t\t\t<\/div>\n\t\t\t\t\t<\/div>\n\t\t<\/div>\n\t\t\t\t\t<\/div>\n\t\t<\/section>\n\t\t\t\t\t<\/div>\n\t\t<\/div>\n\t\t\t\t\t<\/div>\n\t\t<\/section>\n\t\t\t\t<section class=\"elementor-section elementor-top-section elementor-element elementor-element-7922ffc elementor-section-boxed elementor-section-height-default elementor-section-height-default\" data-id=\"7922ffc\" data-element_type=\"section\" data-e-type=\"section\">\n\t\t\t\t\t\t<div class=\"elementor-container elementor-column-gap-default\">\n\t\t\t\t\t<div class=\"elementor-column elementor-col-100 elementor-top-column elementor-element elementor-element-590c0da\" data-id=\"590c0da\" data-element_type=\"column\" data-e-type=\"column\">\n\t\t\t<div class=\"elementor-widget-wrap elementor-element-populated\">\n\t\t\t\t\t\t<div class=\"elementor-element elementor-element-9343583 elementor-widget elementor-widget-image\" data-id=\"9343583\" data-element_type=\"widget\" data-e-type=\"widget\" data-widget_type=\"image.default\">\n\t\t\t\t<div class=\"elementor-widget-container\">\n\t\t\t\t\t\t\t\t\t\t\t\t\t\t\t<img loading=\"lazy\" decoding=\"async\" width=\"696\" height=\"463\" src=\"https:\/\/www.gs-am-pappelsee.de\/wp-content\/uploads\/2023\/09\/gemeinsam-lernen-1-1024x681.jpg\" class=\"attachment-large size-large wp-image-2036\" alt=\"\" srcset=\"https:\/\/www.gs-am-pappelsee.de\/wp-content\/uploads\/2023\/09\/gemeinsam-lernen-1-1024x681.jpg 1024w, https:\/\/www.gs-am-pappelsee.de\/wp-content\/uploads\/2023\/09\/gemeinsam-lernen-1-300x200.jpg 300w, https:\/\/www.gs-am-pappelsee.de\/wp-content\/uploads\/2023\/09\/gemeinsam-lernen-1-768x511.jpg 768w, https:\/\/www.gs-am-pappelsee.de\/wp-content\/uploads\/2023\/09\/gemeinsam-lernen-1-1536x1022.jpg 1536w, https:\/\/www.gs-am-pappelsee.de\/wp-content\/uploads\/2023\/09\/gemeinsam-lernen-1-2048x1363.jpg 2048w\" sizes=\"(max-width: 696px) 100vw, 696px\" \/>\t\t\t\t\t\t\t\t\t\t\t\t\t\t\t<\/div>\n\t\t\t\t<\/div>\n\t\t\t\t\t<\/div>\n\t\t<\/div>\n\t\t\t\t\t<\/div>\n\t\t<\/section>\n\t\t\t\t<\/div>\n\t\t","protected":false},"excerpt":{"rendered":"<p>Schwerpunkt &#8211; Bewegungsfreudige Schule \u201eToben macht schlau!\u201c (Zimmer, Renate). Die Erkenntnis, dass Bewegung das Denken verbessert, beherzigt unsere Schule seit Jahren. An beiden Standorten haben die Kinder eine t\u00e4gliche in den Stundenplan eingebettete Bewegungszeit. Die regul\u00e4ren Sport- und Schwimmstunden werden von qualifizierten Lehrkr\u00e4ften erteilt. Aufgrund der Ausweitung des bewegungsfreudigen Lernens in allen F\u00e4chern wurde unsere<\/p><\/div>\n<div class=\"blog-btn\"><a href=\"https:\/\/www.gs-am-pappelsee.de\/?page_id=2178\" class=\"home-blog-btn\">Weiterlesen<\/a><\/p>\n","protected":false},"author":1,"featured_media":0,"parent":0,"menu_order":2,"comment_status":"closed","ping_status":"closed","template":"template\/template-page-full-width.php","meta":{"footnotes":""},"class_list":["post-2178","page","type-page","status-publish","hentry"],"_links":{"self":[{"href":"https:\/\/www.gs-am-pappelsee.de\/index.php?rest_route=\/wp\/v2\/pages\/2178","targetHints":{"allow":["GET"]}}],"collection":[{"href":"https:\/\/www.gs-am-pappelsee.de\/index.php?rest_route=\/wp\/v2\/pages"}],"about":[{"href":"https:\/\/www.gs-am-pappelsee.de\/index.php?rest_route=\/wp\/v2\/types\/page"}],"author":[{"embeddable":true,"href":"https:\/\/www.gs-am-pappelsee.de\/index.php?rest_route=\/wp\/v2\/users\/1"}],"replies":[{"embeddable":true,"href":"https:\/\/www.gs-am-pappelsee.de\/index.php?rest_route=%2Fwp%2Fv2%2Fcomments&post=2178"}],"version-history":[{"count":1,"href":"https:\/\/www.gs-am-pappelsee.de\/index.php?rest_route=\/wp\/v2\/pages\/2178\/revisions"}],"predecessor-version":[{"id":2181,"href":"https:\/\/www.gs-am-pappelsee.de\/index.php?rest_route=\/wp\/v2\/pages\/2178\/revisions\/2181"}],"wp:attachment":[{"href":"https:\/\/www.gs-am-pappelsee.de\/index.php?rest_route=%2Fwp%2Fv2%2Fmedia&parent=2178"}],"curies":[{"name":"wp","href":"https:\/\/api.w.org\/{rel}","templated":true}]}}